{"id":3229,"date":"2025-05-22T11:17:14","date_gmt":"2025-05-22T09:17:14","guid":{"rendered":"https:\/\/iessoldeportocarrero.com\/?page_id=3229"},"modified":"2025-06-10T09:05:30","modified_gmt":"2025-06-10T07:05:30","slug":"certificados-de-profesionalidad","status":"publish","type":"page","link":"https:\/\/iessoldeportocarrero.com\/?page_id=3229","title":{"rendered":"CERTIFICADOS DE PROFESIONALIDAD"},"content":{"rendered":"\n<div class=\"wp-block-columns is-layout-flex wp-container-core-columns-is-layout-9d6595d7 wp-block-columns-is-layout-flex\">\n<div class=\"wp-block-column is-layout-flow wp-block-column-is-layout-flow\">\n<figure class=\"wp-block-image size-large\"><img fetchpriority=\"high\" decoding=\"async\" width=\"727\" height=\"1024\" src=\"https:\/\/iessoldeportocarrero.com\/wp-content\/uploads\/2025\/06\/11-1-727x1024.jpg\" alt=\"\" class=\"wp-image-3275\" srcset=\"https:\/\/iessoldeportocarrero.com\/wp-content\/uploads\/2025\/06\/11-1-727x1024.jpg 727w, https:\/\/iessoldeportocarrero.com\/wp-content\/uploads\/2025\/06\/11-1-213x300.jpg 213w, https:\/\/iessoldeportocarrero.com\/wp-content\/uploads\/2025\/06\/11-1-768x1082.jpg 768w, https:\/\/iessoldeportocarrero.com\/wp-content\/uploads\/2025\/06\/11-1-1091x1536.jpg 1091w, https:\/\/iessoldeportocarrero.com\/wp-content\/uploads\/2025\/06\/11-1-192x270.jpg 192w, https:\/\/iessoldeportocarrero.com\/wp-content\/uploads\/2025\/06\/11-1.jpg 1136w\" sizes=\"(max-width: 727px) 100vw, 727px\" \/><\/figure>\n<\/div>\n\n\n\n<div class=\"wp-block-column is-layout-flow wp-block-column-is-layout-flow\">\n<figure class=\"wp-block-image size-large\"><img decoding=\"async\" width=\"722\" height=\"1024\" src=\"https:\/\/iessoldeportocarrero.com\/wp-content\/uploads\/2025\/06\/22-722x1024.jpg\" alt=\"\" class=\"wp-image-3273\" srcset=\"https:\/\/iessoldeportocarrero.com\/wp-content\/uploads\/2025\/06\/22-722x1024.jpg 722w, https:\/\/iessoldeportocarrero.com\/wp-content\/uploads\/2025\/06\/22-212x300.jpg 212w, https:\/\/iessoldeportocarrero.com\/wp-content\/uploads\/2025\/06\/22-768x1089.jpg 768w, https:\/\/iessoldeportocarrero.com\/wp-content\/uploads\/2025\/06\/22-1083x1536.jpg 1083w, https:\/\/iessoldeportocarrero.com\/wp-content\/uploads\/2025\/06\/22-190x270.jpg 190w, https:\/\/iessoldeportocarrero.com\/wp-content\/uploads\/2025\/06\/22.jpg 1128w\" sizes=\"(max-width: 722px) 100vw, 722px\" \/><\/figure>\n<\/div>\n<\/div>\n\n\n\n<p><a href=\"https:\/\/portales.ced.junta-andalucia.es\/educacion\/portales\/documents\/270701\/1741501\/20250312%20Resoluci%C3%B3n%20concesi%C3%B3n%20CPIFP(F).pdf\/21bff781-b824-0e1f-820d-70f26694ebd1?version=1.1\">INSTRUCCIONES DE 12 DE MARZO DE 20025 PARA LA CERTIFICACI\u00d3N DE PROFESIONALIDAD<\/a><\/p>\n\n\n\n<div data-wp-interactive=\"core\/file\" class=\"wp-block-file\"><object data-wp-bind--hidden=\"!state.hasPdfPreview\" hidden class=\"wp-block-file__embed\" data=\"https:\/\/iessoldeportocarrero.com\/wp-content\/uploads\/2025\/05\/Solicitud-Anexo-I.pdf\" type=\"application\/pdf\" style=\"width:100%;height:600px\" aria-label=\"Incrustado de Solicitud-Anexo-I.\"><\/object><a id=\"wp-block-file--media-c3bacb67-2d0e-4b29-8bb3-fd30ae4ac58b\" href=\"https:\/\/iessoldeportocarrero.com\/wp-content\/uploads\/2025\/05\/Solicitud-Anexo-I.pdf\">Solicitud-Anexo-I<\/a><a href=\"https:\/\/iessoldeportocarrero.com\/wp-content\/uploads\/2025\/05\/Solicitud-Anexo-I.pdf\" class=\"wp-block-file__button wp-element-button\" download aria-describedby=\"wp-block-file--media-c3bacb67-2d0e-4b29-8bb3-fd30ae4ac58b\">Descarga<\/a><\/div>\n\n\n","protected":false},"excerpt":{"rendered":"<p>INSTRUCCIONES DE 12 DE MARZO DE 20025 PARA LA CERTIFICACI\u00d3N DE PROFESIONALIDAD<\/p>\n","protected":false},"author":1,"featured_media":0,"parent":0,"menu_order":0,"comment_status":"closed","ping_status":"closed","template":"","meta":{"footnotes":""},"class_list":["post-3229","page","type-page","status-publish","hentry"],"yoast_head":"<!-- This site is optimized with the Yoast SEO plugin v19.14 - https:\/\/yoast.com\/wordpress\/plugins\/seo\/ -->\n<title>CERTIFICADOS DE PROFESIONALIDAD - IES SOL DE PORTOCARRERO - LA LABORAL<\/title>\n<meta name=\"robots\" content=\"index, follow, max-snippet:-1, max-image-preview:large, max-video-preview:-1\" \/>\n<link rel=\"canonical\" href=\"https:\/\/iessoldeportocarrero.com\/?page_id=3229\" \/>\n<meta property=\"og:locale\" content=\"es_ES\" \/>\n<meta property=\"og:type\" content=\"article\" \/>\n<meta property=\"og:title\" content=\"CERTIFICADOS DE PROFESIONALIDAD - IES SOL DE PORTOCARRERO - LA LABORAL\" \/>\n<meta property=\"og:description\" content=\"INSTRUCCIONES DE 12 DE MARZO DE 20025 PARA LA CERTIFICACI\u00d3N DE PROFESIONALIDAD\" \/>\n<meta property=\"og:url\" content=\"https:\/\/iessoldeportocarrero.com\/?page_id=3229\" \/>\n<meta property=\"og:site_name\" content=\"IES SOL DE PORTOCARRERO - LA LABORAL\" \/>\n<meta property=\"article:modified_time\" content=\"2025-06-10T07:05:30+00:00\" \/>\n<meta property=\"og:image\" content=\"https:\/\/iessoldeportocarrero.com\/wp-content\/uploads\/2025\/06\/11-1-727x1024.jpg\" \/>\n<meta name=\"twitter:card\" content=\"summary_large_image\" \/>\n<meta name=\"twitter:label1\" content=\"Tiempo de lectura\" \/>\n\t<meta name=\"twitter:data1\" content=\"1 minuto\" \/>\n<script type=\"application\/ld+json\" class=\"yoast-schema-graph\">{\"@context\":\"https:\/\/schema.org\",\"@graph\":[{\"@type\":\"WebPage\",\"@id\":\"https:\/\/iessoldeportocarrero.com\/?page_id=3229\",\"url\":\"https:\/\/iessoldeportocarrero.com\/?page_id=3229\",\"name\":\"CERTIFICADOS DE PROFESIONALIDAD - IES SOL DE PORTOCARRERO - LA LABORAL\",\"isPartOf\":{\"@id\":\"https:\/\/iessoldeportocarrero.com\/#website\"},\"datePublished\":\"2025-05-22T09:17:14+00:00\",\"dateModified\":\"2025-06-10T07:05:30+00:00\",\"breadcrumb\":{\"@id\":\"https:\/\/iessoldeportocarrero.com\/?page_id=3229#breadcrumb\"},\"inLanguage\":\"es\",\"potentialAction\":[{\"@type\":\"ReadAction\",\"target\":[\"https:\/\/iessoldeportocarrero.com\/?page_id=3229\"]}]},{\"@type\":\"BreadcrumbList\",\"@id\":\"https:\/\/iessoldeportocarrero.com\/?page_id=3229#breadcrumb\",\"itemListElement\":[{\"@type\":\"ListItem\",\"position\":1,\"name\":\"Home\",\"item\":\"https:\/\/iessoldeportocarrero.com\/\"},{\"@type\":\"ListItem\",\"position\":2,\"name\":\"CERTIFICADOS DE PROFESIONALIDAD\"}]},{\"@type\":\"WebSite\",\"@id\":\"https:\/\/iessoldeportocarrero.com\/#website\",\"url\":\"https:\/\/iessoldeportocarrero.com\/\",\"name\":\"IES SOL DE PORTOCARRERO - LA LABORAL\",\"description\":\"INSTITUTO DE EDUCACI\u00d3N SECUNDARIA Y FORMACI\u00d3N PROFESIONAL\",\"potentialAction\":[{\"@type\":\"SearchAction\",\"target\":{\"@type\":\"EntryPoint\",\"urlTemplate\":\"https:\/\/iessoldeportocarrero.com\/?s={search_term_string}\"},\"query-input\":\"required name=search_term_string\"}],\"inLanguage\":\"es\"}]}<\/script>\n<!-- \/ Yoast SEO plugin. -->","yoast_head_json":{"title":"CERTIFICADOS DE PROFESIONALIDAD - IES SOL DE PORTOCARRERO - LA LABORAL","robots":{"index":"index","follow":"follow","max-snippet":"max-snippet:-1","max-image-preview":"max-image-preview:large","max-video-preview":"max-video-preview:-1"},"canonical":"https:\/\/iessoldeportocarrero.com\/?page_id=3229","og_locale":"es_ES","og_type":"article","og_title":"CERTIFICADOS DE PROFESIONALIDAD - IES SOL DE PORTOCARRERO - LA LABORAL","og_description":"INSTRUCCIONES DE 12 DE MARZO DE 20025 PARA LA CERTIFICACI\u00d3N DE PROFESIONALIDAD","og_url":"https:\/\/iessoldeportocarrero.com\/?page_id=3229","og_site_name":"IES SOL DE PORTOCARRERO - LA LABORAL","article_modified_time":"2025-06-10T07:05:30+00:00","og_image":[{"url":"https:\/\/iessoldeportocarrero.com\/wp-content\/uploads\/2025\/06\/11-1-727x1024.jpg"}],"twitter_card":"summary_large_image","twitter_misc":{"Tiempo de lectura":"1 minuto"},"schema":{"@context":"https:\/\/schema.org","@graph":[{"@type":"WebPage","@id":"https:\/\/iessoldeportocarrero.com\/?page_id=3229","url":"https:\/\/iessoldeportocarrero.com\/?page_id=3229","name":"CERTIFICADOS DE PROFESIONALIDAD - IES SOL DE PORTOCARRERO - LA LABORAL","isPartOf":{"@id":"https:\/\/iessoldeportocarrero.com\/#website"},"datePublished":"2025-05-22T09:17:14+00:00","dateModified":"2025-06-10T07:05:30+00:00","breadcrumb":{"@id":"https:\/\/iessoldeportocarrero.com\/?page_id=3229#breadcrumb"},"inLanguage":"es","potentialAction":[{"@type":"ReadAction","target":["https:\/\/iessoldeportocarrero.com\/?page_id=3229"]}]},{"@type":"BreadcrumbList","@id":"https:\/\/iessoldeportocarrero.com\/?page_id=3229#breadcrumb","itemListElement":[{"@type":"ListItem","position":1,"name":"Home","item":"https:\/\/iessoldeportocarrero.com\/"},{"@type":"ListItem","position":2,"name":"CERTIFICADOS DE PROFESIONALIDAD"}]},{"@type":"WebSite","@id":"https:\/\/iessoldeportocarrero.com\/#website","url":"https:\/\/iessoldeportocarrero.com\/","name":"IES SOL DE PORTOCARRERO - LA LABORAL","description":"INSTITUTO DE EDUCACI\u00d3N SECUNDARIA Y FORMACI\u00d3N PROFESIONAL","potentialAction":[{"@type":"SearchAction","target":{"@type":"EntryPoint","urlTemplate":"https:\/\/iessoldeportocarrero.com\/?s={search_term_string}"},"query-input":"required name=search_term_string"}],"inLanguage":"es"}]}},"jetpack_sharing_enabled":true,"jetpack-related-posts":[{"id":168,"url":"https:\/\/iessoldeportocarrero.com\/?page_id=168","url_meta":{"origin":3229,"position":0},"title":"Certificados de Profesionalidad","author":"admin","date":"noviembre 10, 2022","format":false,"excerpt":"Aqu\u00ed pod\u00e9is encontrar toda la informaci\u00f3n sobre los CERTIFICADOS DE PROFESIONALIDAD. PLAZO DE INSCRIPCI\u00d3N HASTA EL 7 DE MARZO DE 2022 En el centro se imparten dos de estos Certificados: ACONDICIONAMIENTO F\u00cdSICO CON SOPORTE MUSICAL AGRICULTURA ECOL\u00d3GICA Mas informaci\u00f3n pinchando en el tr\u00edptico: triptico-certificadosDescarga Y aqu\u00ed teneis los archivos con\u2026","rel":"","context":"Entrada similar","block_context":{"text":"Entrada similar","link":""},"img":{"alt_text":"","src":"","width":0,"height":0},"classes":[]},{"id":1103,"url":"https:\/\/iessoldeportocarrero.com\/?page_id=1103","url_meta":{"origin":3229,"position":1},"title":"ESCOLARIZACI\u00d3N","author":"admin","date":"abril 28, 2023","format":false,"excerpt":"Esta secci\u00f3n contiene informaci\u00f3n de utilidad para las familias a la hora de de iniciar el proceso de escolarizaci\u00f3n: plazos, documentos, normativa, enlaces, etc E.S.O y BACHILLERATO MES DE MARZO NORMATIVA ESCOLARIZACI\u00d3N ESCOLARIZACI\u00d3N FORMACI\u00d3N PROFESIONAL MES DE JUNIO https:\/\/youtu.be\/r-2IQRy8pL8","rel":"","context":"Entrada similar","block_context":{"text":"Entrada similar","link":""},"img":{"alt_text":"","src":"https:\/\/i0.wp.com\/iessoldeportocarrero.com\/wp-content\/uploads\/2023\/04\/CARTEL_ESCOLARIZACION.png?resize=350%2C200&ssl=1","width":350,"height":200},"classes":[]},{"id":67,"url":"https:\/\/iessoldeportocarrero.com\/?page_id=67","url_meta":{"origin":3229,"position":2},"title":"Escolarizaci\u00f3n","author":"admin","date":"noviembre 10, 2022","format":false,"excerpt":"Escolarizaci\u00f3n Esta secci\u00f3n contiene informaci\u00f3n de utilidad para las familias a la hora de de iniciar el proceso de escolarizaci\u00f3n: plazos, documentos, normativa, enlaces, etc. Enlace al portal de escolarizaci\u00f3n. Normativa\u00a0sobre el proceso de escolarizaci\u00f3n. Per\u00edodo de admisi\u00f3n: Marzo: ESO y Bachillerato Junio: Ciclos Formativos https:\/\/youtu.be\/r-2IQRy8pL8 V\u00eddeo promocional de la\u2026","rel":"","context":"Entrada similar","block_context":{"text":"Entrada similar","link":""},"img":{"alt_text":"","src":"https:\/\/i0.wp.com\/img.youtube.com\/vi\/r-2IQRy8pL8\/0.jpg?resize=350%2C200","width":350,"height":200},"classes":[]},{"id":3308,"url":"https:\/\/iessoldeportocarrero.com\/?page_id=3308","url_meta":{"origin":3229,"position":3},"title":"FAMILIAS PROFESIONALES DE CICLOS FORMATIVOS (PRIORIDAD 3: EDUCACI\u00d3N Y FORMACI\u00d3N).","author":"admin","date":"junio 16, 2025","format":false,"excerpt":"ACTIVIDADES F\u00cdSICAS AGRARIA REDES Y ESTACIONES DE AGUA","rel":"","context":"Entrada similar","block_context":{"text":"Entrada similar","link":""},"img":{"alt_text":"","src":"https:\/\/i0.wp.com\/iessoldeportocarrero.com\/wp-content\/uploads\/2025\/06\/ef1-150x150.png?resize=350%2C200&ssl=1","width":350,"height":200},"classes":[]},{"id":1950,"url":"https:\/\/iessoldeportocarrero.com\/?page_id=1950","url_meta":{"origin":3229,"position":4},"title":"ERASMUS","author":"admin","date":"enero 17, 2024","format":false,"excerpt":"Centro acreditado para distintas etapas: ESCOLAR, FORMACI\u00d3N PROFESIONAL GRADO MEDIO Y SUPERIOR. ESCOLAR FP.GRADO MEDIO FP GRADO SUPERIOR Para mayor informaci\u00f3n sobre el Programa ERASMUS+ puede acceder la web de SEPIE","rel":"","context":"Entrada similar","block_context":{"text":"Entrada similar","link":""},"img":{"alt_text":"","src":"https:\/\/i0.wp.com\/iessoldeportocarrero.com\/wp-content\/uploads\/2024\/01\/CENTRO-ERASMUS.jpeg?resize=350%2C200&ssl=1","width":350,"height":200},"classes":[]},{"id":2441,"url":"https:\/\/iessoldeportocarrero.com\/?page_id=2441","url_meta":{"origin":3229,"position":5},"title":"IACP: ACREDITACI\u00d3N DE FAMILIAS PROFESIONALES","author":"admin","date":"abril 16, 2024","format":false,"excerpt":"Para m\u00e1s informaci\u00f3n: Tel\u00e9fono del centro: 950 150 950 Correo electr\u00f3nico: acredita.portocarrero@gmail.com Para m\u00e1s informaci\u00f3n en la p\u00e1gina de la Junta de Andaluc\u00eda, pulsar sobre la imagen o pulse aqu\u00ed. PROCEDIMIENTO-DE-SOLICITUD-ACPDescarga Diptico-Acredita-C20I1-PRTRDescarga","rel":"","context":"Entrada similar","block_context":{"text":"Entrada similar","link":""},"img":{"alt_text":"","src":"https:\/\/i0.wp.com\/iessoldeportocarrero.com\/wp-content\/uploads\/2024\/05\/acreditaPrincipal.png?resize=350%2C200&ssl=1","width":350,"height":200,"srcset":"https:\/\/i0.wp.com\/iessoldeportocarrero.com\/wp-content\/uploads\/2024\/05\/acreditaPrincipal.png?resize=350%2C200&ssl=1 1x, https:\/\/i0.wp.com\/iessoldeportocarrero.com\/wp-content\/uploads\/2024\/05\/acreditaPrincipal.png?resize=525%2C300&ssl=1 1.5x"},"classes":[]}],"_links":{"self":[{"href":"https:\/\/iessoldeportocarrero.com\/index.php?rest_route=\/wp\/v2\/pages\/3229","targetHints":{"allow":["GET"]}}],"collection":[{"href":"https:\/\/iessoldeportocarrero.com\/index.php?rest_route=\/wp\/v2\/pages"}],"about":[{"href":"https:\/\/iessoldeportocarrero.com\/index.php?rest_route=\/wp\/v2\/types\/page"}],"author":[{"embeddable":true,"href":"https:\/\/iessoldeportocarrero.com\/index.php?rest_route=\/wp\/v2\/users\/1"}],"replies":[{"embeddable":true,"href":"https:\/\/iessoldeportocarrero.com\/index.php?rest_route=%2Fwp%2Fv2%2Fcomments&post=3229"}],"version-history":[{"count":4,"href":"https:\/\/iessoldeportocarrero.com\/index.php?rest_route=\/wp\/v2\/pages\/3229\/revisions"}],"predecessor-version":[{"id":3276,"href":"https:\/\/iessoldeportocarrero.com\/index.php?rest_route=\/wp\/v2\/pages\/3229\/revisions\/3276"}],"wp:attachment":[{"href":"https:\/\/iessoldeportocarrero.com\/index.php?rest_route=%2Fwp%2Fv2%2Fmedia&parent=3229"}],"curies":[{"name":"wp","href":"https:\/\/api.w.org\/{rel}","templated":true}]}}