{"id":1088,"date":"2023-04-27T10:35:29","date_gmt":"2023-04-27T08:35:29","guid":{"rendered":"https:\/\/iessoldeportocarrero.com\/?page_id=1088"},"modified":"2024-04-02T08:53:44","modified_gmt":"2024-04-02T06:53:44","slug":"equipo-directivo","status":"publish","type":"page","link":"https:\/\/iessoldeportocarrero.com\/?page_id=1088","title":{"rendered":"EQUIPO DIRECTIVO"},"content":{"rendered":"\n<div class=\"wp-block-columns alignfull is-layout-flex wp-container-core-columns-is-layout-9d6595d7 wp-block-columns-is-layout-flex\">\n<div class=\"wp-block-column is-vertically-aligned-center is-layout-flow wp-block-column-is-layout-flow\"><div class=\"wp-block-image is-style-rounded\">\n<figure class=\"aligncenter size-large is-resized\"><img fetchpriority=\"high\" decoding=\"async\" width=\"1024\" height=\"576\" src=\"https:\/\/iessoldeportocarrero.com\/wp-content\/uploads\/2024\/03\/1-1024x576.jpg\" alt=\"\" class=\"wp-image-2419\" style=\"width:592px;height:auto\" srcset=\"https:\/\/iessoldeportocarrero.com\/wp-content\/uploads\/2024\/03\/1-1024x576.jpg 1024w, https:\/\/iessoldeportocarrero.com\/wp-content\/uploads\/2024\/03\/1-300x169.jpg 300w, https:\/\/iessoldeportocarrero.com\/wp-content\/uploads\/2024\/03\/1-768x432.jpg 768w, https:\/\/iessoldeportocarrero.com\/wp-content\/uploads\/2024\/03\/1-1536x864.jpg 1536w, https:\/\/iessoldeportocarrero.com\/wp-content\/uploads\/2024\/03\/1-360x203.jpg 360w, https:\/\/iessoldeportocarrero.com\/wp-content\/uploads\/2024\/03\/1.jpg 1920w\" sizes=\"(max-width: 1024px) 100vw, 1024px\" \/><\/figure>\n<\/div><\/div>\n<\/div>\n\n\n\n<div class=\"wp-block-columns are-vertically-aligned-center is-layout-flex wp-container-core-columns-is-layout-9d6595d7 wp-block-columns-is-layout-flex\">\n<div class=\"wp-block-column is-vertically-aligned-center is-layout-flow wp-block-column-is-layout-flow\" style=\"flex-basis:100%\">\n<figure class=\"wp-block-table is-style-stripes\"><table><tbody><tr><td class=\"has-text-align-left\" data-align=\"left\"><strong>CARGO<\/strong><\/td><td><strong>NOMBRE<\/strong><\/td><td><strong>HORARIO ATENCI\u00d3N FAMILIAS<\/strong><\/td><\/tr><tr><td class=\"has-text-align-left\" data-align=\"left\">DIRECCI\u00d3N<\/td><td>Maria del Mar Mota Forte<\/td><td>Lunes-Martes-Mi\u00e9rcoles: 8:15 a 9:15 <br>Martes: 10:15 a 11:15 <br>Lunes:17:00a 18:00<\/td><\/tr><tr><td class=\"has-text-align-left\" data-align=\"left\">VICEDIRECCI\u00d3N<\/td><td>Lidia Cobos S\u00e1nchez<\/td><td>Lunes-Martes: 13:45 a 14:45<\/td><\/tr><tr><td class=\"has-text-align-left\" data-align=\"left\">SECRETAR\u00cdA<\/td><td>Ricardo Juan Linares Ortiz<\/td><td>Martes-Mi\u00e9rcoles : 11:45 a 12:45<\/td><\/tr><tr><td class=\"has-text-align-left\" data-align=\"left\">JEFATURA<br>DE <br>ESTUDIOS<\/td><td>Raquel Soler Delgado<\/td><td>Lunes:  12:45 a 14:45 y 17:00 a 18:00<br>Martes: 11:45 a 13:45<\/td><\/tr><tr><td class=\"has-text-align-left\" data-align=\"left\">JEFATURA <br>DE ESTUDIOS<br>ADJUNTA<\/td><td>\u00c1ngel Suanes Aguilera<br><br>Juana Castillo Rojo<br><br>Pedro Llorente Pulido<\/td><td><\/td><\/tr><\/tbody><\/table><\/figure>\n<\/div>\n<\/div>\n\n\n\n<blockquote class=\"wp-block-quote is-layout-flow wp-block-quote-is-layout-flow\">\n<p>Se ruega a las familias pedir cita previa al <strong>Tel\u00e9fono:&nbsp;950156950 &nbsp;<\/strong><\/p>\n<\/blockquote>\n","protected":false},"excerpt":{"rendered":"<p>CARGO NOMBRE HORARIO ATENCI\u00d3N FAMILIAS DIRECCI\u00d3N Maria del Mar Mota Forte Lunes-Martes-Mi\u00e9rcoles: 8:15 a 9:15 Martes: 10:15 a 11:15 Lunes:17:00a 18:00 VICEDIRECCI\u00d3N Lidia Cobos S\u00e1nchez Lunes-Martes: 13:45 a 14:45 SECRETAR\u00cdA Ricardo Juan Linares Ortiz Martes-Mi\u00e9rcoles : 11:45 a 12:45 JEFATURADE <a href=\"https:\/\/iessoldeportocarrero.com\/?page_id=1088\" class=\"read-more\">Leer m\u00e1s&#8230;<\/a><\/p>\n","protected":false},"author":1,"featured_media":0,"parent":0,"menu_order":0,"comment_status":"closed","ping_status":"closed","template":"","meta":{"footnotes":""},"class_list":["post-1088","page","type-page","status-publish","hentry"],"yoast_head":"<!-- This site is optimized with the Yoast SEO plugin v19.14 - https:\/\/yoast.com\/wordpress\/plugins\/seo\/ -->\n<title>EQUIPO DIRECTIVO - IES SOL DE PORTOCARRERO - LA LABORAL<\/title>\n<meta name=\"robots\" content=\"index, follow, max-snippet:-1, max-image-preview:large, max-video-preview:-1\" \/>\n<link rel=\"canonical\" href=\"https:\/\/iessoldeportocarrero.com\/?page_id=1088\" \/>\n<meta property=\"og:locale\" content=\"es_ES\" \/>\n<meta property=\"og:type\" content=\"article\" \/>\n<meta property=\"og:title\" content=\"EQUIPO DIRECTIVO - IES SOL DE PORTOCARRERO - LA LABORAL\" \/>\n<meta property=\"og:description\" content=\"CARGO NOMBRE HORARIO ATENCI\u00d3N FAMILIAS DIRECCI\u00d3N Maria del Mar Mota Forte Lunes-Martes-Mi\u00e9rcoles: 8:15 a 9:15 Martes: 10:15 a 11:15 Lunes:17:00a 18:00 VICEDIRECCI\u00d3N Lidia Cobos S\u00e1nchez Lunes-Martes: 13:45 a 14:45 SECRETAR\u00cdA Ricardo Juan Linares Ortiz Martes-Mi\u00e9rcoles : 11:45 a 12:45 JEFATURADE Leer m\u00e1s...\" \/>\n<meta property=\"og:url\" content=\"https:\/\/iessoldeportocarrero.com\/?page_id=1088\" \/>\n<meta property=\"og:site_name\" content=\"IES SOL DE PORTOCARRERO - LA LABORAL\" \/>\n<meta property=\"article:modified_time\" content=\"2024-04-02T06:53:44+00:00\" \/>\n<meta property=\"og:image\" content=\"https:\/\/iessoldeportocarrero.com\/wp-content\/uploads\/2024\/03\/1-1024x576.jpg\" \/>\n<meta name=\"twitter:card\" content=\"summary_large_image\" \/>\n<script type=\"application\/ld+json\" class=\"yoast-schema-graph\">{\"@context\":\"https:\/\/schema.org\",\"@graph\":[{\"@type\":\"WebPage\",\"@id\":\"https:\/\/iessoldeportocarrero.com\/?page_id=1088\",\"url\":\"https:\/\/iessoldeportocarrero.com\/?page_id=1088\",\"name\":\"EQUIPO DIRECTIVO - IES SOL DE PORTOCARRERO - LA LABORAL\",\"isPartOf\":{\"@id\":\"https:\/\/iessoldeportocarrero.com\/#website\"},\"datePublished\":\"2023-04-27T08:35:29+00:00\",\"dateModified\":\"2024-04-02T06:53:44+00:00\",\"breadcrumb\":{\"@id\":\"https:\/\/iessoldeportocarrero.com\/?page_id=1088#breadcrumb\"},\"inLanguage\":\"es\",\"potentialAction\":[{\"@type\":\"ReadAction\",\"target\":[\"https:\/\/iessoldeportocarrero.com\/?page_id=1088\"]}]},{\"@type\":\"BreadcrumbList\",\"@id\":\"https:\/\/iessoldeportocarrero.com\/?page_id=1088#breadcrumb\",\"itemListElement\":[{\"@type\":\"ListItem\",\"position\":1,\"name\":\"Home\",\"item\":\"https:\/\/iessoldeportocarrero.com\/\"},{\"@type\":\"ListItem\",\"position\":2,\"name\":\"EQUIPO DIRECTIVO\"}]},{\"@type\":\"WebSite\",\"@id\":\"https:\/\/iessoldeportocarrero.com\/#website\",\"url\":\"https:\/\/iessoldeportocarrero.com\/\",\"name\":\"IES SOL DE PORTOCARRERO - LA LABORAL\",\"description\":\"INSTITUTO DE EDUCACI\u00d3N SECUNDARIA Y FORMACI\u00d3N PROFESIONAL\",\"potentialAction\":[{\"@type\":\"SearchAction\",\"target\":{\"@type\":\"EntryPoint\",\"urlTemplate\":\"https:\/\/iessoldeportocarrero.com\/?s={search_term_string}\"},\"query-input\":\"required name=search_term_string\"}],\"inLanguage\":\"es\"}]}<\/script>\n<!-- \/ Yoast SEO plugin. -->","yoast_head_json":{"title":"EQUIPO DIRECTIVO - IES SOL DE PORTOCARRERO - LA LABORAL","robots":{"index":"index","follow":"follow","max-snippet":"max-snippet:-1","max-image-preview":"max-image-preview:large","max-video-preview":"max-video-preview:-1"},"canonical":"https:\/\/iessoldeportocarrero.com\/?page_id=1088","og_locale":"es_ES","og_type":"article","og_title":"EQUIPO DIRECTIVO - IES SOL DE PORTOCARRERO - LA LABORAL","og_description":"CARGO NOMBRE HORARIO ATENCI\u00d3N FAMILIAS DIRECCI\u00d3N Maria del Mar Mota Forte Lunes-Martes-Mi\u00e9rcoles: 8:15 a 9:15 Martes: 10:15 a 11:15 Lunes:17:00a 18:00 VICEDIRECCI\u00d3N Lidia Cobos S\u00e1nchez Lunes-Martes: 13:45 a 14:45 SECRETAR\u00cdA Ricardo Juan Linares Ortiz Martes-Mi\u00e9rcoles : 11:45 a 12:45 JEFATURADE Leer m\u00e1s...","og_url":"https:\/\/iessoldeportocarrero.com\/?page_id=1088","og_site_name":"IES SOL DE PORTOCARRERO - LA LABORAL","article_modified_time":"2024-04-02T06:53:44+00:00","og_image":[{"url":"https:\/\/iessoldeportocarrero.com\/wp-content\/uploads\/2024\/03\/1-1024x576.jpg"}],"twitter_card":"summary_large_image","schema":{"@context":"https:\/\/schema.org","@graph":[{"@type":"WebPage","@id":"https:\/\/iessoldeportocarrero.com\/?page_id=1088","url":"https:\/\/iessoldeportocarrero.com\/?page_id=1088","name":"EQUIPO DIRECTIVO - IES SOL DE PORTOCARRERO - LA LABORAL","isPartOf":{"@id":"https:\/\/iessoldeportocarrero.com\/#website"},"datePublished":"2023-04-27T08:35:29+00:00","dateModified":"2024-04-02T06:53:44+00:00","breadcrumb":{"@id":"https:\/\/iessoldeportocarrero.com\/?page_id=1088#breadcrumb"},"inLanguage":"es","potentialAction":[{"@type":"ReadAction","target":["https:\/\/iessoldeportocarrero.com\/?page_id=1088"]}]},{"@type":"BreadcrumbList","@id":"https:\/\/iessoldeportocarrero.com\/?page_id=1088#breadcrumb","itemListElement":[{"@type":"ListItem","position":1,"name":"Home","item":"https:\/\/iessoldeportocarrero.com\/"},{"@type":"ListItem","position":2,"name":"EQUIPO DIRECTIVO"}]},{"@type":"WebSite","@id":"https:\/\/iessoldeportocarrero.com\/#website","url":"https:\/\/iessoldeportocarrero.com\/","name":"IES SOL DE PORTOCARRERO - LA LABORAL","description":"INSTITUTO DE EDUCACI\u00d3N SECUNDARIA Y FORMACI\u00d3N PROFESIONAL","potentialAction":[{"@type":"SearchAction","target":{"@type":"EntryPoint","urlTemplate":"https:\/\/iessoldeportocarrero.com\/?s={search_term_string}"},"query-input":"required name=search_term_string"}],"inLanguage":"es"}]}},"jetpack_sharing_enabled":true,"jetpack-related-posts":[{"id":53,"url":"https:\/\/iessoldeportocarrero.com\/?page_id=53","url_meta":{"origin":1088,"position":0},"title":"Consejo Escolar","author":"admin","date":"noviembre 10, 2022","format":false,"excerpt":"SECTORMIEMBROEQUIPO DIRECTIVOMAR MOTA (DIRECTORA)EQUIPO DIRECTIVORAQUEL SOLER (JEFA DE ESTUDIOS)EQUIPO DIRECTIVORICARDO LINARES (SECRETARIO)PROFESORADO8 REPRESENTANTESMadres\/Padres\/Tutores5 REPRESENTANTESALUMNADO5 REPRESENTANTESP.A.S.1 REPRESENTANTEENTORNO EMPRESARIAL1 REPRESENTANTE","rel":"","context":"Entrada similar","block_context":{"text":"Entrada similar","link":""},"img":{"alt_text":"","src":"https:\/\/i0.wp.com\/s.w.org\/patterns\/files\/2021\/06\/wire-sculpture-263x300.jpg?resize=350%2C200&ssl=1","width":350,"height":200},"classes":[]},{"id":55,"url":"https:\/\/iessoldeportocarrero.com\/?page_id=55","url_meta":{"origin":1088,"position":1},"title":"Equipo Directivo","author":"admin","date":"noviembre 10, 2022","format":false,"excerpt":"Direcci\u00f3nM\u00aa del Mar Mota Forte Vicedirecci\u00f3nLidia Cobos S\u00e1nchezSecretar\u00edaJos\u00e9 Botias Palaz\u00f3nJefatura de EstudiosRaquel Soler DelgadoJefatura de Estudios AdjuntaTeresa Bl\u00e1zquez C\u00e1tedraJefatura de Estudios AdjuntaJuana Castillo RojoJefatura de Estudios AdjuntaRicardo Juan Linares Ortiz","rel":"","context":"Entrada similar","block_context":{"text":"Entrada similar","link":""},"img":{"alt_text":"","src":"","width":0,"height":0},"classes":[]},{"id":1085,"url":"https:\/\/iessoldeportocarrero.com\/?page_id=1085","url_meta":{"origin":1088,"position":2},"title":"EL CENTRO","author":"admin","date":"abril 27, 2023","format":false,"excerpt":"Datos del centro Consejo Escolar Equipo Directivo Secretar\u00eda Plan de Centro Planes y programas Plan de Autoprotecci\u00f3n","rel":"","context":"Entrada similar","block_context":{"text":"Entrada similar","link":""},"img":{"alt_text":"","src":"","width":0,"height":0},"classes":[]},{"id":136,"url":"https:\/\/iessoldeportocarrero.com\/?page_id=136","url_meta":{"origin":1088,"position":3},"title":"\u00bfQuienes formamos el AMPA?","author":"admin","date":"noviembre 10, 2022","format":false,"excerpt":"\u00bfQuienes formamos el AMPA? La Asociaci\u00f3n de Madres y Padres BlogsAverroes, est\u00e1 constituida por ___________familias, y gestionada por una \u00a0Junta Directiva. Puedes ponerte en contacto con nosotros\/as en el email:\u00a0________________________ Relaci\u00f3n de las personas que forman parte de la Junta Directiva:","rel":"","context":"Entrada similar","block_context":{"text":"Entrada similar","link":""},"img":{"alt_text":"","src":"","width":0,"height":0},"classes":[]},{"id":87,"url":"https:\/\/iessoldeportocarrero.com\/?page_id=87","url_meta":{"origin":1088,"position":4},"title":"Cl\u00e1sicas","author":"admin","date":"noviembre 10, 2022","format":false,"excerpt":"Documentaci\u00f3n Cultura Cl\u00e1sica. La materia Cultura Cl\u00e1sica tiene como finalidad facilitar al alumnado un primer acercamiento general al estudio de las civilizaciones griega y latina en los \u00e1mbitos literario, art\u00edstico, filos\u00f3fico, cient\u00edfico y ling\u00fc\u00edstico, con objeto de que, a partir de su estudio, pueda tomar conciencia de la pervivencia, influencia\u2026","rel":"","context":"Entrada similar","block_context":{"text":"Entrada similar","link":""},"img":{"alt_text":"","src":"https:\/\/i0.wp.com\/iessoldeportocarrero.com\/wp-content\/uploads\/2023\/05\/istockphoto-1386085766-612x612-1.jpg?resize=350%2C200&ssl=1","width":350,"height":200,"srcset":"https:\/\/i0.wp.com\/iessoldeportocarrero.com\/wp-content\/uploads\/2023\/05\/istockphoto-1386085766-612x612-1.jpg?resize=350%2C200&ssl=1 1x, https:\/\/i0.wp.com\/iessoldeportocarrero.com\/wp-content\/uploads\/2023\/05\/istockphoto-1386085766-612x612-1.jpg?resize=525%2C300&ssl=1 1.5x"},"classes":[]},{"id":369,"url":"https:\/\/iessoldeportocarrero.com\/?page_id=369","url_meta":{"origin":1088,"position":5},"title":"Programaci\u00f3n Cl\u00e1sicas","author":"admin","date":"noviembre 14, 2022","format":false,"excerpt":"Cultura Cl\u00e1sica. La materia Cultura Cl\u00e1sica tiene como finalidad facilitar al alumnado un primer acercamiento general al estudio de las civilizaciones griega y latina en los \u00e1mbitos literario, art\u00edstico, filos\u00f3fico, cient\u00edfico y ling\u00fc\u00edstico, con objeto de que, a partir de su estudio, pueda tomar conciencia de la pervivencia, influencia y\u2026","rel":"","context":"Entrada similar","block_context":{"text":"Entrada similar","link":""},"img":{"alt_text":"","src":"","width":0,"height":0},"classes":[]}],"_links":{"self":[{"href":"https:\/\/iessoldeportocarrero.com\/index.php?rest_route=\/wp\/v2\/pages\/1088","targetHints":{"allow":["GET"]}}],"collection":[{"href":"https:\/\/iessoldeportocarrero.com\/index.php?rest_route=\/wp\/v2\/pages"}],"about":[{"href":"https:\/\/iessoldeportocarrero.com\/index.php?rest_route=\/wp\/v2\/types\/page"}],"author":[{"embeddable":true,"href":"https:\/\/iessoldeportocarrero.com\/index.php?rest_route=\/wp\/v2\/users\/1"}],"replies":[{"embeddable":true,"href":"https:\/\/iessoldeportocarrero.com\/index.php?rest_route=%2Fwp%2Fv2%2Fcomments&post=1088"}],"version-history":[{"count":11,"href":"https:\/\/iessoldeportocarrero.com\/index.php?rest_route=\/wp\/v2\/pages\/1088\/revisions"}],"predecessor-version":[{"id":2429,"href":"https:\/\/iessoldeportocarrero.com\/index.php?rest_route=\/wp\/v2\/pages\/1088\/revisions\/2429"}],"wp:attachment":[{"href":"https:\/\/iessoldeportocarrero.com\/index.php?rest_route=%2Fwp%2Fv2%2Fmedia&parent=1088"}],"curies":[{"name":"wp","href":"https:\/\/api.w.org\/{rel}","templated":true}]}}